{"id":188,"date":"2018-06-24T09:20:16","date_gmt":"2018-06-24T07:20:16","guid":{"rendered":"http:\/\/www.juergs.ch\/hbb\/?page_id=188"},"modified":"2018-09-13T10:57:10","modified_gmt":"2018-09-13T08:57:10","slug":"modul-02-neben-dem-heiterenhof","status":"publish","type":"page","link":"http:\/\/www.juergs.ch\/hbb\/module\/modul-02-neben-dem-heiterenhof\/","title":{"rendered":"Modul 02 \u2013 Neben dem Heiterenhof"},"content":{"rendered":"<p>Das Modul 02 war das ers\u00adte Modul das ich zuerst noch allei\u00adne in Angriff genom\u00admen habe. Wenn mich heu\u00adte jemand fragt was f\u00fcr ein Modul er als Ers\u00adtes bau\u00aden soll sage ich immer: ein gra\u00addes Stre\u00adcken\u00admo\u00addul ohne irgend\u00adwel\u00adche Schi\u00adka\u00adnen. Da kann man immer\u00adnoch genug Anf\u00e4n\u00adger\u00adfeh\u00adler machen. \u00dcber mei\u00adne h\u00fcl\u00adle ich nun den Man\u00adtel des Schweigens.<\/p>\n<figure id=\"attachment_2164\" aria-describedby=\"caption-attachment-2164\" style=\"width: 639px\" class=\"wp-caption alignnone\"><a href=\"http:\/\/www.juergs.ch\/hbb\/module\/m02\/\" rel=\"attachment wp-att-70\"><img loading=\"lazy\" decoding=\"async\" class=\"wp-image-2164 size-full\" src=\"http:\/\/www.juergs.ch\/hbb\/wp-content\/uploads\/2018\/07\/m02.png\" alt=\"Modul 02\" width=\"639\" height=\"256\" srcset=\"http:\/\/www.juergs.ch\/hbb\/wp-content\/uploads\/2018\/07\/m02.png 639w, http:\/\/www.juergs.ch\/hbb\/wp-content\/uploads\/2018\/07\/m02-300x120.png 300w\" sizes=\"auto, (max-width: 639px) 100vw, 639px\"><\/a><figcaption id=\"caption-attachment-2164\" class=\"wp-caption-text\">Stre\u00adcken\u00admo\u00addul 120x40<\/figcaption><\/figure>\n<p>Das auf dem Plan ein\u00adge\u00adzeich\u00adne\u00adte Vor\u00adsi\u00adgnal ist noch nicht gepflanzt, aber als Opti\u00adon angedacht.<\/p>\n<p>Das Gan\u00adze sieht auf dem Plan eigent\u00adlich ziem\u00adlich unspek\u00adtu\u00adl\u00e4r aus, ist auch nicht so gezeich\u00adnet wor\u00adden wie es in der Wirk\u00adlich\u00adkeit gebaut wur\u00adde. Wie man auf den Bil\u00addern sehen kann hats einen Gel\u00e4n\u00adde\u00adein\u00adschnitt mit einer Br\u00fc\u00adcke bei dem die Glei\u00adse leicht ver\u00adschwenkt wer\u00adden muss\u00adten. Aber las\u00adsen wir doch mal ein paar Bil\u00adder sprechen.<\/p>\n<div id=\"gallery-1\" class=\"gallery galleryid-188 gallery-columns-2 gallery-size-medium\"><figure class=\"gallery-item\">\n\t\t\t<div class=\"gallery-icon landscape\">\n\t\t\t\t<a href=\"http:\/\/www.juergs.ch\/hbb\/module\/modul-02-neben-dem-heiterenhof\/modul-02-2\/\"><img loading=\"lazy\" decoding=\"async\" width=\"300\" height=\"225\" src=\"http:\/\/www.juergs.ch\/hbb\/wp-content\/uploads\/2018\/06\/DSCN7150-300x225.jpg\" class=\"attachment-medium size-medium\" alt=\"Die ersten Gleise wurden mit der Gleislehre verlegt\" aria-describedby=\"gallery-1-191\" srcset=\"http:\/\/www.juergs.ch\/hbb\/wp-content\/uploads\/2018\/06\/DSCN7150-300x225.jpg 300w, http:\/\/www.juergs.ch\/hbb\/wp-content\/uploads\/2018\/06\/DSCN7150-768x576.jpg 768w, http:\/\/www.juergs.ch\/hbb\/wp-content\/uploads\/2018\/06\/DSCN7150-1024x768.jpg 1024w, http:\/\/www.juergs.ch\/hbb\/wp-content\/uploads\/2018\/06\/DSCN7150.jpg 1600w\" sizes=\"auto, (max-width: 300px) 100vw, 300px\"><\/a>\n\t\t\t<\/div>\n\t\t\t\t<figcaption class=\"wp-caption-text gallery-caption\" id=\"gallery-1-191\">\n\t\t\t\tDie ers\u00adten Glei\u00adse wur\u00adden mit der Gleis\u00adleh\u00adre verlegt&nbsp;<\/figcaption><\/figure><figure class=\"gallery-item\">\n\t\t\t<div class=\"gallery-icon landscape\">\n\t\t\t\t<a href=\"http:\/\/www.juergs.ch\/hbb\/module\/modul-02-neben-dem-heiterenhof\/modul-02-3\/\"><img loading=\"lazy\" decoding=\"async\" width=\"300\" height=\"225\" src=\"http:\/\/www.juergs.ch\/hbb\/wp-content\/uploads\/2018\/06\/DSCN7245-300x225.jpg\" class=\"attachment-medium size-medium\" alt=\"Hier sieht man die bereits angel\u00f6teten Befestigungsschrauben\" aria-describedby=\"gallery-1-192\" srcset=\"http:\/\/www.juergs.ch\/hbb\/wp-content\/uploads\/2018\/06\/DSCN7245-300x225.jpg 300w, http:\/\/www.juergs.ch\/hbb\/wp-content\/uploads\/2018\/06\/DSCN7245-768x576.jpg 768w, http:\/\/www.juergs.ch\/hbb\/wp-content\/uploads\/2018\/06\/DSCN7245-1024x768.jpg 1024w, http:\/\/www.juergs.ch\/hbb\/wp-content\/uploads\/2018\/06\/DSCN7245.jpg 1600w\" sizes=\"auto, (max-width: 300px) 100vw, 300px\"><\/a>\n\t\t\t<\/div>\n\t\t\t\t<figcaption class=\"wp-caption-text gallery-caption\" id=\"gallery-1-192\">\n\t\t\t\tHier sieht man die bereits ange\u00adl\u00f6\u00adte\u00adten Befestigungsschrauben&nbsp;<\/figcaption><\/figure><figure class=\"gallery-item\">\n\t\t\t<div class=\"gallery-icon landscape\">\n\t\t\t\t<a href=\"http:\/\/www.juergs.ch\/hbb\/module\/modul-02-neben-dem-heiterenhof\/modul-02-4\/\"><img loading=\"lazy\" decoding=\"async\" width=\"300\" height=\"225\" src=\"http:\/\/www.juergs.ch\/hbb\/wp-content\/uploads\/2018\/06\/DSCN7252-300x225.jpg\" class=\"attachment-medium size-medium\" alt=\"Die erste Probefahrt\" aria-describedby=\"gallery-1-193\" srcset=\"http:\/\/www.juergs.ch\/hbb\/wp-content\/uploads\/2018\/06\/DSCN7252-300x225.jpg 300w, http:\/\/www.juergs.ch\/hbb\/wp-content\/uploads\/2018\/06\/DSCN7252-768x576.jpg 768w, http:\/\/www.juergs.ch\/hbb\/wp-content\/uploads\/2018\/06\/DSCN7252-1024x768.jpg 1024w, http:\/\/www.juergs.ch\/hbb\/wp-content\/uploads\/2018\/06\/DSCN7252.jpg 1600w\" sizes=\"auto, (max-width: 300px) 100vw, 300px\"><\/a>\n\t\t\t<\/div>\n\t\t\t\t<figcaption class=\"wp-caption-text gallery-caption\" id=\"gallery-1-193\">\n\t\t\t\tDie ers\u00adte Probefahrt&nbsp;<\/figcaption><\/figure><figure class=\"gallery-item\">\n\t\t\t<div class=\"gallery-icon landscape\">\n\t\t\t\t<a href=\"http:\/\/www.juergs.ch\/hbb\/module\/modul-02-neben-dem-heiterenhof\/modul-02-5\/\"><img loading=\"lazy\" decoding=\"async\" width=\"300\" height=\"225\" src=\"http:\/\/www.juergs.ch\/hbb\/wp-content\/uploads\/2018\/06\/DSCN7566-300x225.jpg\" class=\"attachment-medium size-medium\" alt=\"Der Gel\u00e4ndeeinschnitt im Rohbau\" aria-describedby=\"gallery-1-194\" srcset=\"http:\/\/www.juergs.ch\/hbb\/wp-content\/uploads\/2018\/06\/DSCN7566-300x225.jpg 300w, http:\/\/www.juergs.ch\/hbb\/wp-content\/uploads\/2018\/06\/DSCN7566-768x576.jpg 768w, http:\/\/www.juergs.ch\/hbb\/wp-content\/uploads\/2018\/06\/DSCN7566-1024x768.jpg 1024w, http:\/\/www.juergs.ch\/hbb\/wp-content\/uploads\/2018\/06\/DSCN7566.jpg 1600w\" sizes=\"auto, (max-width: 300px) 100vw, 300px\"><\/a>\n\t\t\t<\/div>\n\t\t\t\t<figcaption class=\"wp-caption-text gallery-caption\" id=\"gallery-1-194\">\n\t\t\t\tDer Gel\u00e4n\u00adde\u00adein\u00adschnitt im Rohbau&nbsp;<\/figcaption><\/figure>\n\t\t<\/div>\n\n<p>Auch bei der Land\u00adschafts\u00adge\u00adstal\u00adtung hat mei\u00adne G\u00e4rt\u00adne\u00adrin Lehr\u00adgeld bezahlt. Bis man den rich\u00adti\u00adgen Dreh raus hat und die Ideen so umge\u00adsetzt sind wie sie dann sein soll\u00adten dau\u00adert es immer ein Weil\u00adchen. Auch farb\u00adlich hat das Modul eini\u00adge Ent\u00adwick\u00adlun\u00adgen durchgemacht.<\/p>\n<div id=\"gallery-2\" class=\"gallery galleryid-188 gallery-columns-2 gallery-size-medium\"><figure class=\"gallery-item\">\n\t\t\t<div class=\"gallery-icon portrait\">\n\t\t\t\t<a href=\"http:\/\/www.juergs.ch\/hbb\/module\/modul-02-neben-dem-heiterenhof\/modul-02-6\/\"><img loading=\"lazy\" decoding=\"async\" width=\"225\" height=\"300\" src=\"http:\/\/www.juergs.ch\/hbb\/wp-content\/uploads\/2018\/06\/DSCN7750-225x300.jpg\" class=\"attachment-medium size-medium\" alt=\"Die Br\u00fccke \u00fcber den Gel\u00e4ndeeinschnitt ist eingebaut\" aria-describedby=\"gallery-2-196\" srcset=\"http:\/\/www.juergs.ch\/hbb\/wp-content\/uploads\/2018\/06\/DSCN7750-225x300.jpg 225w, http:\/\/www.juergs.ch\/hbb\/wp-content\/uploads\/2018\/06\/DSCN7750-768x1024.jpg 768w, http:\/\/www.juergs.ch\/hbb\/wp-content\/uploads\/2018\/06\/DSCN7750.jpg 1200w\" sizes=\"auto, (max-width: 225px) 100vw, 225px\"><\/a>\n\t\t\t<\/div>\n\t\t\t\t<figcaption class=\"wp-caption-text gallery-caption\" id=\"gallery-2-196\">\n\t\t\t\tDie Br\u00fc\u00adcke \u00fcber den Gel\u00e4n\u00adde\u00adein\u00adschnitt ist eingebaut&nbsp;<\/figcaption><\/figure><figure class=\"gallery-item\">\n\t\t\t<div class=\"gallery-icon landscape\">\n\t\t\t\t<a href=\"http:\/\/www.juergs.ch\/hbb\/module\/modul-02-neben-dem-heiterenhof\/modul-02-7\/\"><img loading=\"lazy\" decoding=\"async\" width=\"300\" height=\"225\" src=\"http:\/\/www.juergs.ch\/hbb\/wp-content\/uploads\/2018\/06\/DSCN7751-300x225.jpg\" class=\"attachment-medium size-medium\" alt=\"Ein erstes kleines H\u00e4uschen ist auch schon gesetzt\" aria-describedby=\"gallery-2-197\" srcset=\"http:\/\/www.juergs.ch\/hbb\/wp-content\/uploads\/2018\/06\/DSCN7751-300x225.jpg 300w, http:\/\/www.juergs.ch\/hbb\/wp-content\/uploads\/2018\/06\/DSCN7751-768x576.jpg 768w, http:\/\/www.juergs.ch\/hbb\/wp-content\/uploads\/2018\/06\/DSCN7751-1024x768.jpg 1024w, http:\/\/www.juergs.ch\/hbb\/wp-content\/uploads\/2018\/06\/DSCN7751.jpg 1600w\" sizes=\"auto, (max-width: 300px) 100vw, 300px\"><\/a>\n\t\t\t<\/div>\n\t\t\t\t<figcaption class=\"wp-caption-text gallery-caption\" id=\"gallery-2-197\">\n\t\t\t\tEin ers\u00adtes klei\u00adnes H\u00e4us\u00adchen ist auch schon gesetzt&nbsp;<\/figcaption><\/figure><figure class=\"gallery-item\">\n\t\t\t<div class=\"gallery-icon landscape\">\n\t\t\t\t<a href=\"http:\/\/www.juergs.ch\/hbb\/module\/modul-02-neben-dem-heiterenhof\/modul-02-8\/\"><img loading=\"lazy\" decoding=\"async\" width=\"300\" height=\"225\" src=\"http:\/\/www.juergs.ch\/hbb\/wp-content\/uploads\/2018\/06\/DSCN0753-300x225.jpg\" class=\"attachment-medium size-medium\" alt=\"Und so sieht das Ganze fertig aus\" aria-describedby=\"gallery-2-198\" srcset=\"http:\/\/www.juergs.ch\/hbb\/wp-content\/uploads\/2018\/06\/DSCN0753-300x225.jpg 300w, http:\/\/www.juergs.ch\/hbb\/wp-content\/uploads\/2018\/06\/DSCN0753-768x576.jpg 768w, http:\/\/www.juergs.ch\/hbb\/wp-content\/uploads\/2018\/06\/DSCN0753-1024x768.jpg 1024w\" sizes=\"auto, (max-width: 300px) 100vw, 300px\"><\/a>\n\t\t\t<\/div>\n\t\t\t\t<figcaption class=\"wp-caption-text gallery-caption\" id=\"gallery-2-198\">\n\t\t\t\tUnd so sieht das Gan\u00adze fer\u00adtig&nbsp;aus&nbsp;<\/figcaption><\/figure>\n\t\t<\/div>\n\n<p>Die Sze\u00adne\u00adrie zeigt Fel\u00adder, Wie\u00adsen und Wald. Sie geh\u00f6rt zum Bau\u00adern\u00adhof von Hei\u00adri Hei\u00adter, des\u00adsen Haus auf dem Modul 01 zu ste\u00adhen kom\u00admen wird. Die Br\u00fc\u00adcke f\u00fchrt in den Wald ober\u00adhalb des Ortes wel\u00adcher der Gemein\u00adde geh\u00f6rt. Da die Regi\u00adon ein Nah\u00aderho\u00adlungs\u00adge\u00adbiet ist sieht man auch immer wie\u00adder Wanderer.<\/p>\n<div id=\"gallery-3\" class=\"gallery galleryid-188 gallery-columns-2 gallery-size-medium\"><figure class=\"gallery-item\">\n\t\t\t<div class=\"gallery-icon landscape\">\n\t\t\t\t<a href=\"http:\/\/www.juergs.ch\/hbb\/module\/modul-02-neben-dem-heiterenhof\/modul-02-9\/\"><img loading=\"lazy\" decoding=\"async\" width=\"300\" height=\"201\" src=\"http:\/\/www.juergs.ch\/hbb\/wp-content\/uploads\/2018\/06\/DSC_0240-300x201.jpg\" class=\"attachment-medium size-medium\" alt=\"Erster Blick von oben auf den linken Teil des Moduls mit der Br\u00fccke\" aria-describedby=\"gallery-3-200\" srcset=\"http:\/\/www.juergs.ch\/hbb\/wp-content\/uploads\/2018\/06\/DSC_0240-300x201.jpg 300w, http:\/\/www.juergs.ch\/hbb\/wp-content\/uploads\/2018\/06\/DSC_0240-768x514.jpg 768w, http:\/\/www.juergs.ch\/hbb\/wp-content\/uploads\/2018\/06\/DSC_0240-1024x685.jpg 1024w\" sizes=\"auto, (max-width: 300px) 100vw, 300px\"><\/a>\n\t\t\t<\/div>\n\t\t\t\t<figcaption class=\"wp-caption-text gallery-caption\" id=\"gallery-3-200\">\n\t\t\t\tErs\u00adter Blick von oben auf den lin\u00adken Teil des Moduls mit der Br\u00fccke&nbsp;<\/figcaption><\/figure><figure class=\"gallery-item\">\n\t\t\t<div class=\"gallery-icon landscape\">\n\t\t\t\t<a href=\"http:\/\/www.juergs.ch\/hbb\/module\/modul-02-neben-dem-heiterenhof\/modul-02-10\/\"><img loading=\"lazy\" decoding=\"async\" width=\"300\" height=\"201\" src=\"http:\/\/www.juergs.ch\/hbb\/wp-content\/uploads\/2018\/06\/DSC_0241-300x201.jpg\" class=\"attachment-medium size-medium\" alt=\"Und hier der rechte Teil\" aria-describedby=\"gallery-3-201\" srcset=\"http:\/\/www.juergs.ch\/hbb\/wp-content\/uploads\/2018\/06\/DSC_0241-300x201.jpg 300w, http:\/\/www.juergs.ch\/hbb\/wp-content\/uploads\/2018\/06\/DSC_0241-768x514.jpg 768w, http:\/\/www.juergs.ch\/hbb\/wp-content\/uploads\/2018\/06\/DSC_0241-1024x685.jpg 1024w\" sizes=\"auto, (max-width: 300px) 100vw, 300px\"><\/a>\n\t\t\t<\/div>\n\t\t\t\t<figcaption class=\"wp-caption-text gallery-caption\" id=\"gallery-3-201\">\n\t\t\t\tUnd hier der rech\u00adte&nbsp;Teil&nbsp;<\/figcaption><\/figure>\n\t\t<\/div>\n\n<p>Den ers\u00adten Betriebs\u00adein\u00adsatz hat\u00adte das Modul zusam\u00admen mit dem Modul 03 anl\u00e4ss\u00adlich des Modul\u00adtref\u00adfens im RBL im April 2007. Damals zeig\u00adten sich noch eini\u00adge Feh\u00adler, wie z.B. Kurz\u00adschl\u00fcs\u00adse&nbsp;etc.<\/p>\n<p>Seit\u00adher war das Modul schon mehr\u00admals in Stutt\u00adgart an der <a class=\"inhalt\" title=\"spur-N-schweiz | Stuttgart November 2007\" href=\"https:\/\/www.spur-n-schweiz.ch\/modulgruppe\/bilder\/3\/#2007\" target=\"_blank\" rel=\"noopener noreferrer\">2. Euro\u00adpean N\u2011Scale Con\u00adven\u00adti\u00adon 2007&nbsp;<i class=\"fas fa-external-link-alt\"><\/i><\/a>, <a class=\"inhalt\" title=\"spur-N-schweiz | Stuttgart November 2008\" href=\"https:\/\/www.spur-n-schweiz.ch\/modulgruppe\/bilder\/3\/#2008\" target=\"_blank\" rel=\"noopener noreferrer\">3. Euro\u00adpean N\u2011Scale Con\u00adven\u00adti\u00adon 2008&nbsp;<i class=\"fas fa-external-link-alt\"><\/i><\/a> und <a class=\"inhalt\" title=\"spur-N-schweiz | Stuttgart November 2009\" href=\"https:\/\/www.spur-n-schweiz.ch\/modulgruppe\/bilder\/3\/#2009\" target=\"_blank\" rel=\"noopener noreferrer\">4. Euro\u00adpean N\u2011Scale Con\u00adven\u00adti\u00adon 2009&nbsp;<i class=\"fas fa-external-link-alt\"><\/i><\/a> sowie an wei\u00adte\u00adren Events im Einsatz.<\/p>\n<p>Dass auch ein \u201cfer\u00adti\u00adges\u201d Modul nie ganz fer\u00adtig ist sei hier\u00admit wie\u00adder\u00admal bewie\u00adsen, der \u201celek\u00adti\u00adsches Betrieb\u201d bei der &lt;HBB&gt; hat Ein\u00adzug gehal\u00adten, die Ober\u00adlei\u00adtungs\u00admas\u00adten wur\u00adden auf dem Modul montiert.<\/p>\n<div id=\"gallery-4\" class=\"gallery galleryid-188 gallery-columns-2 gallery-size-medium\"><figure class=\"gallery-item\">\n\t\t\t<div class=\"gallery-icon landscape\">\n\t\t\t\t<a href=\"http:\/\/www.juergs.ch\/hbb\/module\/modul-02-neben-dem-heiterenhof\/modul-02-11\/\"><img loading=\"lazy\" decoding=\"async\" width=\"300\" height=\"200\" src=\"http:\/\/www.juergs.ch\/hbb\/wp-content\/uploads\/2018\/06\/DSCN0968-300x200.jpg\" class=\"attachment-medium size-medium\" alt=\"Oberleitungsmasten eingebaut\" aria-describedby=\"gallery-4-203\" srcset=\"http:\/\/www.juergs.ch\/hbb\/wp-content\/uploads\/2018\/06\/DSCN0968-300x200.jpg 300w, http:\/\/www.juergs.ch\/hbb\/wp-content\/uploads\/2018\/06\/DSCN0968-768x512.jpg 768w, http:\/\/www.juergs.ch\/hbb\/wp-content\/uploads\/2018\/06\/DSCN0968-1024x683.jpg 1024w\" sizes=\"auto, (max-width: 300px) 100vw, 300px\"><\/a>\n\t\t\t<\/div>\n\t\t\t\t<figcaption class=\"wp-caption-text gallery-caption\" id=\"gallery-4-203\">\n\t\t\t\tOber\u00adlei\u00adtungs\u00admas\u00adten eingebaut&nbsp;<\/figcaption><\/figure><figure class=\"gallery-item\">\n\t\t\t<div class=\"gallery-icon portrait\">\n\t\t\t\t<a href=\"http:\/\/www.juergs.ch\/hbb\/module\/modul-02-neben-dem-heiterenhof\/modul-02-12\/\"><img loading=\"lazy\" decoding=\"async\" width=\"200\" height=\"300\" src=\"http:\/\/www.juergs.ch\/hbb\/wp-content\/uploads\/2018\/06\/DSCN0971-200x300.jpg\" class=\"attachment-medium size-medium\" alt=\"Oberleitungsmasten eingebaut\" aria-describedby=\"gallery-4-204\" srcset=\"http:\/\/www.juergs.ch\/hbb\/wp-content\/uploads\/2018\/06\/DSCN0971-200x300.jpg 200w, http:\/\/www.juergs.ch\/hbb\/wp-content\/uploads\/2018\/06\/DSCN0971-768x1152.jpg 768w, http:\/\/www.juergs.ch\/hbb\/wp-content\/uploads\/2018\/06\/DSCN0971-683x1024.jpg 683w\" sizes=\"auto, (max-width: 200px) 100vw, 200px\"><\/a>\n\t\t\t<\/div>\n\t\t\t\t<figcaption class=\"wp-caption-text gallery-caption\" id=\"gallery-4-204\">\n\t\t\t\tOber\u00adlei\u00adtungs\u00admas\u00adten eingebaut&nbsp;<\/figcaption><\/figure><figure class=\"gallery-item\">\n\t\t\t<div class=\"gallery-icon portrait\">\n\t\t\t\t<a href=\"http:\/\/www.juergs.ch\/hbb\/module\/modul-02-neben-dem-heiterenhof\/modul-02-13\/\"><img loading=\"lazy\" decoding=\"async\" width=\"200\" height=\"300\" src=\"http:\/\/www.juergs.ch\/hbb\/wp-content\/uploads\/2018\/06\/DSCN0976-200x300.jpg\" class=\"attachment-medium size-medium\" alt=\"Die Betonsockel m\u00fcssen noch verl\u00e4ngert und umschottert werden\" aria-describedby=\"gallery-4-205\" srcset=\"http:\/\/www.juergs.ch\/hbb\/wp-content\/uploads\/2018\/06\/DSCN0976-200x300.jpg 200w, http:\/\/www.juergs.ch\/hbb\/wp-content\/uploads\/2018\/06\/DSCN0976-768x1152.jpg 768w, http:\/\/www.juergs.ch\/hbb\/wp-content\/uploads\/2018\/06\/DSCN0976-683x1024.jpg 683w\" sizes=\"auto, (max-width: 200px) 100vw, 200px\"><\/a>\n\t\t\t<\/div>\n\t\t\t\t<figcaption class=\"wp-caption-text gallery-caption\" id=\"gallery-4-205\">\n\t\t\t\tDie Beton\u00adso\u00adckel m\u00fcs\u00adsen noch ver\u00adl\u00e4n\u00adgert und umschot\u00adtert werden&nbsp;<\/figcaption><\/figure>\n\t\t<\/div>\n\n<p>Nach fast 10 Jah\u00adren Betriebs\u00adein\u00adsatz wur\u00adde das Modul land\u00adschaft\u00adlich kom\u00adplett \u00fcberholt.<\/p>\n<div id=\"gallery-5\" class=\"gallery galleryid-188 gallery-columns-2 gallery-size-medium\"><figure class=\"gallery-item\">\n\t\t\t<div class=\"gallery-icon landscape\">\n\t\t\t\t<a href=\"http:\/\/www.juergs.ch\/hbb\/module\/modul-02-neben-dem-heiterenhof\/modul-02-14\/\"><img loading=\"lazy\" decoding=\"async\" width=\"300\" height=\"169\" src=\"http:\/\/www.juergs.ch\/hbb\/wp-content\/uploads\/2018\/06\/DSC_0092-300x169.jpg\" class=\"attachment-medium size-medium\" alt=\"Das Modul nach der kompletten \u00dcberholung\" aria-describedby=\"gallery-5-206\" srcset=\"http:\/\/www.juergs.ch\/hbb\/wp-content\/uploads\/2018\/06\/DSC_0092-300x169.jpg 300w, http:\/\/www.juergs.ch\/hbb\/wp-content\/uploads\/2018\/06\/DSC_0092-768x432.jpg 768w, http:\/\/www.juergs.ch\/hbb\/wp-content\/uploads\/2018\/06\/DSC_0092-1024x576.jpg 1024w\" sizes=\"auto, (max-width: 300px) 100vw, 300px\"><\/a>\n\t\t\t<\/div>\n\t\t\t\t<figcaption class=\"wp-caption-text gallery-caption\" id=\"gallery-5-206\">\n\t\t\t\tDas Modul nach der kom\u00adplet\u00adten \u00dcberholung&nbsp;<\/figcaption><\/figure>\n\t\t<\/div>\n\n<p>Noch ein paar aktu\u00adel\u00adle Bil\u00adder nach der Auffrischung.<\/p>\n<div id=\"gallery-6\" class=\"gallery galleryid-188 gallery-columns-2 gallery-size-medium\"><figure class=\"gallery-item\">\n\t\t\t<div class=\"gallery-icon landscape\">\n\t\t\t\t<a href=\"http:\/\/www.juergs.ch\/hbb\/module\/modul-02-neben-dem-heiterenhof\/dscn4302\/\"><img loading=\"lazy\" decoding=\"async\" width=\"300\" height=\"200\" src=\"http:\/\/www.juergs.ch\/hbb\/wp-content\/uploads\/2018\/09\/DSCN4302-300x200.jpg\" class=\"attachment-medium size-medium\" alt=\"Gesamtansicht von S\u00fcden\" aria-describedby=\"gallery-6-2334\" srcset=\"http:\/\/www.juergs.ch\/hbb\/wp-content\/uploads\/2018\/09\/DSCN4302-300x200.jpg 300w, http:\/\/www.juergs.ch\/hbb\/wp-content\/uploads\/2018\/09\/DSCN4302-768x512.jpg 768w, http:\/\/www.juergs.ch\/hbb\/wp-content\/uploads\/2018\/09\/DSCN4302-1024x683.jpg 1024w\" sizes=\"auto, (max-width: 300px) 100vw, 300px\"><\/a>\n\t\t\t<\/div>\n\t\t\t\t<figcaption class=\"wp-caption-text gallery-caption\" id=\"gallery-6-2334\">\n\t\t\t\tGesamt\u00adan\u00adsicht von&nbsp;S\u00fcden&nbsp;<\/figcaption><\/figure><figure class=\"gallery-item\">\n\t\t\t<div class=\"gallery-icon landscape\">\n\t\t\t\t<a href=\"http:\/\/www.juergs.ch\/hbb\/module\/modul-02-neben-dem-heiterenhof\/dscn4305\/\"><img loading=\"lazy\" decoding=\"async\" width=\"300\" height=\"200\" src=\"http:\/\/www.juergs.ch\/hbb\/wp-content\/uploads\/2018\/09\/DSCN4305-300x200.jpg\" class=\"attachment-medium size-medium\" alt=\"Details nach der \u00dcberarbeitung\" aria-describedby=\"gallery-6-2335\" srcset=\"http:\/\/www.juergs.ch\/hbb\/wp-content\/uploads\/2018\/09\/DSCN4305-300x200.jpg 300w, http:\/\/www.juergs.ch\/hbb\/wp-content\/uploads\/2018\/09\/DSCN4305-768x512.jpg 768w, http:\/\/www.juergs.ch\/hbb\/wp-content\/uploads\/2018\/09\/DSCN4305-1024x683.jpg 1024w\" sizes=\"auto, (max-width: 300px) 100vw, 300px\"><\/a>\n\t\t\t<\/div>\n\t\t\t\t<figcaption class=\"wp-caption-text gallery-caption\" id=\"gallery-6-2335\">\n\t\t\t\tDetails nach der \u00dcberarbeitung&nbsp;<\/figcaption><\/figure><figure class=\"gallery-item\">\n\t\t\t<div class=\"gallery-icon landscape\">\n\t\t\t\t<a href=\"http:\/\/www.juergs.ch\/hbb\/module\/modul-02-neben-dem-heiterenhof\/dscn4306\/\"><img loading=\"lazy\" decoding=\"async\" width=\"300\" height=\"200\" src=\"http:\/\/www.juergs.ch\/hbb\/wp-content\/uploads\/2018\/09\/DSCN4306-300x200.jpg\" class=\"attachment-medium size-medium\" alt=\"Die \u00fcberarbeitete Waldpartie mit der Br\u00fccke\" aria-describedby=\"gallery-6-2336\" srcset=\"http:\/\/www.juergs.ch\/hbb\/wp-content\/uploads\/2018\/09\/DSCN4306-300x200.jpg 300w, http:\/\/www.juergs.ch\/hbb\/wp-content\/uploads\/2018\/09\/DSCN4306-768x512.jpg 768w, http:\/\/www.juergs.ch\/hbb\/wp-content\/uploads\/2018\/09\/DSCN4306-1024x683.jpg 1024w\" sizes=\"auto, (max-width: 300px) 100vw, 300px\"><\/a>\n\t\t\t<\/div>\n\t\t\t\t<figcaption class=\"wp-caption-text gallery-caption\" id=\"gallery-6-2336\">\n\t\t\t\tDie \u00fcber\u00adar\u00adbei\u00adte\u00adte Wald\u00adpar\u00adtie mit der Br\u00fccke&nbsp;<\/figcaption><\/figure>\n\t\t<\/div>\n\n<p><a href=\"http:\/\/www.juergs.ch\/hbb\/module\/\"><img loading=\"lazy\" decoding=\"async\" class=\"alignnone wp-image-2082\" src=\"http:\/\/www.juergs.ch\/hbb\/wp-content\/uploads\/2018\/07\/Pfeil-links-150x150.png\" alt=\"zur\u00fcck zur Liste\" width=\"50\" height=\"50\" srcset=\"http:\/\/www.juergs.ch\/hbb\/wp-content\/uploads\/2018\/07\/Pfeil-links-150x150.png 150w, http:\/\/www.juergs.ch\/hbb\/wp-content\/uploads\/2018\/07\/Pfeil-links.png 240w\" sizes=\"auto, (max-width: 50px) 100vw, 50px\"><\/a><\/p>\n","protected":false},"excerpt":{"rendered":"<p>Das Modul 02 war das ers\u00adte Modul das ich zuerst noch allei\u00adne in Angriff genom\u00admen habe. Wenn mich heu\u00adte jemand fragt was f\u00fcr ein Modul er als Ers\u00adtes bau\u00aden soll sage ich immer: ein gra\u00addes Stre\u00adcken\u00admo\u00addul ohne irgend\u00adwel\u00adche Schi\u00adka\u00adnen. Da kann man immer\u00adnoch genug Anf\u00e4n\u00adger\u00adfeh\u00adler machen. \u00dcber mei\u00adne h\u00fcl\u00adle ich nun den Man\u00adtel des Schwei\u00adgens. \u2026 <a href=\"http:\/\/www.juergs.ch\/hbb\/module\/modul-02-neben-dem-heiterenhof\/\" class=\"more-link\"><span class=\"screen-reader-text\">Modul 02 \u2013 Neben dem Hei\u00adte\u00adren\u00adhof<\/span> weiterlesen<\/a><\/p>\n","protected":false},"author":1,"featured_media":206,"parent":65,"menu_order":2,"comment_status":"closed","ping_status":"closed","template":"","meta":{"wp_typography_post_enhancements_disabled":false,"footnotes":""},"class_list":["post-188","page","type-page","status-publish","has-post-thumbnail","hentry"],"_links":{"self":[{"href":"http:\/\/www.juergs.ch\/hbb\/wp-json\/wp\/v2\/pages\/188","targetHints":{"allow":["GET"]}}],"collection":[{"href":"http:\/\/www.juergs.ch\/hbb\/wp-json\/wp\/v2\/pages"}],"about":[{"href":"http:\/\/www.juergs.ch\/hbb\/wp-json\/wp\/v2\/types\/page"}],"author":[{"embeddable":true,"href":"http:\/\/www.juergs.ch\/hbb\/wp-json\/wp\/v2\/users\/1"}],"replies":[{"embeddable":true,"href":"http:\/\/www.juergs.ch\/hbb\/wp-json\/wp\/v2\/comments?post=188"}],"version-history":[{"count":16,"href":"http:\/\/www.juergs.ch\/hbb\/wp-json\/wp\/v2\/pages\/188\/revisions"}],"predecessor-version":[{"id":4499,"href":"http:\/\/www.juergs.ch\/hbb\/wp-json\/wp\/v2\/pages\/188\/revisions\/4499"}],"up":[{"embeddable":true,"href":"http:\/\/www.juergs.ch\/hbb\/wp-json\/wp\/v2\/pages\/65"}],"wp:featuredmedia":[{"embeddable":true,"href":"http:\/\/www.juergs.ch\/hbb\/wp-json\/wp\/v2\/media\/206"}],"wp:attachment":[{"href":"http:\/\/www.juergs.ch\/hbb\/wp-json\/wp\/v2\/media?parent=188"}],"curies":[{"name":"wp","href":"https:\/\/api.w.org\/{rel}","templated":true}]}}